{"id":230,"date":"2021-03-24T21:03:16","date_gmt":"2021-03-24T21:03:16","guid":{"rendered":"https:\/\/schreinerei-franz.com\/?page_id=230"},"modified":"2021-03-25T11:24:07","modified_gmt":"2021-03-25T11:24:07","slug":"datenschutz","status":"publish","type":"page","link":"https:\/\/schreinerei-franz.com\/index.php\/datenschutz\/","title":{"rendered":"Datenschutzerkl\u00e4rung"},"content":{"rendered":"\n<p>Verantwortlicher im Sinne der Datenschutzgesetze, insbesondere der EU-Datenschutzgrundverordnung (DSGVO), ist:<\/p>\n\n\n\n<p>Andreas Franz<\/p>\n\n\n\n<h2 class=\"wp-block-heading\">Ihre Betroffenenrechte<\/h2>\n\n\n\n<p>Unter den angegebenen Kontaktdaten unseres Datenschutzbeauftragten k\u00f6nnen Sie jederzeit folgende Rechte aus\u00fcben:<\/p>\n\n\n\n<ul class=\"wp-block-list\"><li>Auskunft \u00fcber Ihre bei uns gespeicherten Daten und deren Verarbeitung (Art. 15 DSGVO),<\/li><li>Berichtigung unrichtiger personenbezogener Daten (Art. 16 DSGVO),<\/li><li>L\u00f6schung Ihrer bei uns gespeicherten Daten (Art. 17 DSGVO),<\/li><li>Einschr\u00e4nkung der Datenverarbeitung, sofern wir Ihre Daten aufgrund gesetzlicher Pflichten noch nicht l\u00f6schen d\u00fcrfen (Art. 18 DSGVO),<\/li><li>Widerspruch gegen die Verarbeitung Ihrer Daten bei uns (Art. 21 DSGVO) und<\/li><li>Daten\u00fcbertragbarkeit, sofern Sie in die Datenverarbeitung eingewilligt haben oder einen Vertrag mit uns abgeschlossen haben (Art. 20 DSGVO).<\/li><\/ul>\n\n\n\n<p>Sofern Sie uns eine Einwilligung erteilt haben, k\u00f6nnen Sie diese jederzeit mit Wirkung f\u00fcr die Zukunft widerrufen.<\/p>\n\n\n\n<p>Sie k\u00f6nnen sich jederzeit mit einer Beschwerde an eine Aufsichtsbeh\u00f6rde wenden, z. B. an die zust\u00e4ndige Aufsichtsbeh\u00f6rde des Bundeslands Ihres Wohnsitzes oder an die f\u00fcr uns als verantwortliche Stelle zust\u00e4ndige Beh\u00f6rde.<\/p>\n\n\n\n<p>Eine Liste der Aufsichtsbeh\u00f6rden (f\u00fcr den nicht\u00f6ffentlichen Bereich) mit Anschrift finden Sie unter: <a href=\"https:\/\/www.bfdi.bund.de\/DE\/Infothek\/Anschriften_Links\/anschriften_links-node.html\" target=\"_blank\" rel=\"noreferrer noopener\">https:\/\/www.bfdi.bund.de\/DE\/Infothek\/Anschriften_Links\/anschriften_links-node.html<\/a>.<\/p>\n\n\n\n<p>Im Falle der Speicherung der Daten in Logfiles ist dies nach sp\u00e4testens 14 Tagen der Fall. Eine dar\u00fcberhinausgehende Speicherung ist m\u00f6glich. In diesem Fall werden die IP-Adressen der Nutzer anonymisiert, sodass eine Zuordnung des aufrufenden Clients nicht mehr m\u00f6glich ist.<\/p>\n\n\n\n<h2 class=\"wp-block-heading\">Technisch nicht notwendige Cookies<\/h2>\n\n\n\n<p>Des Weiteren setzen wir Cookies ein, um das Angebot auf unserer Website besser auf die Interessen unserer Besucher abzustimmen oder auf Basis statistischer Auswertungen allgemein zu verbessern.<\/p>\n\n\n\n<p>Welche Anbieter Cookies setzen, entnehmen Sie bitte den unten aufgef\u00fchrten Informationen zu den eingesetzten Darstellungs-, Tracking-, Remarketing- und Webanalyse-Technologien.<\/p>\n\n\n\n<h3 class=\"wp-block-heading\">Rechtsgrundlage:<\/h3>\n\n\n\n<p>Rechtsgrundlage f\u00fcr diese Verarbeitungen ist jeweils Ihre Einwilligung, Art. 6 Abs. 1 lit. a DSGVO.<\/p>\n\n\n\n<h3 class=\"wp-block-heading\">Empf\u00e4nger:<\/h3>\n\n\n\n<p>Empf\u00e4nger der Daten sind ggf. technische Dienstleister, die f\u00fcr den Betrieb und die Wartung unserer Website als Auftragsverarbeiter t\u00e4tig werden.<\/p>\n\n\n\n<p>Weitere Empf\u00e4nger entnehmen Sie bitte den unten aufgef\u00fchrten Informationen zu den eingesetzten Darstellungs-, Tracking-, Remarketing- und Webanalyse-Technologien.<\/p>\n\n\n\n<h3 class=\"wp-block-heading\">Drittlandtransfer:<\/h3>\n\n\n\n<p>Informationen hierzu entnehmen Sie bitte aus den Auflistungen der einzelnen Darstellungs-, Tracking-, Remarketing- und Webanalyse-Anbietern.<\/p>\n\n\n\n<h3 class=\"wp-block-heading\">Bereitstellung vorgeschrieben oder erforderlich:<\/h3>\n\n\n\n<p>Nat\u00fcrlich k\u00f6nnen Sie unsere Website grunds\u00e4tzlich auch ohne Cookies betrachten. Webbrowser sind regelm\u00e4\u00dfig so eingestellt, dass sie Cookies akzeptieren. Im Allgemeinen k\u00f6nnen Sie die Verwendung von Cookies jederzeit \u00fcber die Einstellungen Ihres Browsers deaktivieren (siehe Widerruf der Einwilligung).<\/p>\n\n\n\n<p>Bitte beachten Sie, dass einzelne Funktionen unserer Website m\u00f6glicherweise nicht funktionieren, wenn Sie die Verwendung von Cookies deaktiviert haben.<\/p>\n\n\n\n<h3 class=\"wp-block-heading\">Widerruf der Einwilligung:<\/h3>\n\n\n\n<p>Sie k\u00f6nnen Ihre Einwilligung jederzeit \u00fcber unser Cookie-Consent-Tool widerrufen.<\/p>\n\n\n\n<h3 class=\"wp-block-heading\">Profiling:<\/h3>\n\n\n\n<p>Inwiefern wir das Verhalten von Websitebesuchern mit pseudonymisierten Nutzerprofilen analysieren, entnehmen Sie bitte den unten aufgef\u00fchrten Informationen zu den eingesetzten Darstellungs-, Tracking-, Remarketing- und Webanalyse-Technologien.<\/p>\n\n\n\n<h2 class=\"wp-block-heading\">Verwendung von Scriptbibliotheken (Google Webfonts)<\/h2>\n\n\n\n<p>Um unsere Inhalte browser\u00fcbergreifend korrekt und grafisch ansprechend darzustellen, verwenden wir auf dieser Website \u201eGoogle Web Fonts\u201c der Google LLC (1600 Amphitheatre Parkway, Mountain View, CA 94043, USA; nachfolgend \u201eGoogle\u201c) zur Darstellung von Schriften.<\/p>\n\n\n\n<p>Weitere Informationen zu Google Web Fonts finden Sie unter <a href=\"https:\/\/developers.google.com\/fonts\/faq\" rel=\"noreferrer noopener\" target=\"_blank\">https:\/\/developers.google.com\/fonts\/faq<\/a> und in der Datenschutzerkl\u00e4rung von Google: <a href=\"https:\/\/www.google.com\/policies\/privacy\/\" rel=\"noreferrer noopener\" target=\"_blank\">https:\/\/www.google.com\/policies\/privacy\/<\/a>.<\/p>\n\n\n\n<h2 class=\"wp-block-heading\">Verwendung von Google Maps<\/h2>\n\n\n\n<p>Auf dieser Website nutzen wir das Angebot von Google Maps. Google Maps wird von Google LLC, 1600 Amphitheatre Parkway, Mountain View, CA 94043, USA (nachfolgend \u201eGoogle\u201c) betrieben. Dadurch k\u00f6nnen wir Ihnen interaktive Karten direkt in der Webseite anzeigen und erm\u00f6glichen Ihnen die komfortable Nutzung der Karten-Funktion.<br>N\u00e4here Informationen \u00fcber die Datenverarbeitung durch Google k\u00f6nnen Sie den Google-Datenschutzhinweisen entnehmen: <a href=\"https:\/\/policies.google.com\/privacy\" rel=\"noreferrer noopener\" target=\"_blank\">https:\/\/policies.google.com\/privacy<\/a>. Dort k\u00f6nnen Sie im Datenschutzcenter auch Ihre pers\u00f6nlichen Datenschutz-Einstellungen ver\u00e4ndern.<\/p>\n\n\n\n<p>Ausf\u00fchrliche Anleitungen zur Verwaltung der eigenen Daten im Zusammenhang mit Google-Produkten finden Sie hier: <a href=\"https:\/\/www.dataliberation.org\/\" rel=\"noreferrer noopener\" target=\"_blank\">https:\/\/www.dataliberation.org<\/a><\/p>\n\n\n\n<p>Durch den Besuch der Website erh\u00e4lt Google Informationen, dass Sie die entsprechende Unterseite unserer Webseite aufgerufen haben. Dies erfolgt unabh\u00e4ngig davon, ob Google ein Nutzerkonto bereitstellt, \u00fcber das Sie eingeloggt sind, oder ob keine Nutzerkonto besteht. Wenn Sie bei Google eingeloggt sind, werden Ihre Daten direkt Ihrem Konto zugeordnet.<\/p>\n\n\n\n<p>Wenn Sie die Zuordnung in Ihrem Profil bei Google nicht w\u00fcnschen, m\u00fcssen Sie sich vor Aktivierung des Buttons bei Google ausloggen. Google speichert Ihre Daten als Nutzungsprofile und nutzt sie f\u00fcr Zwecke der Werbung, Marktforschung und\/oder bedarfsgerechter Gestaltung seiner Websites. Eine solche Auswertung erfolgt insbesondere (selbst f\u00fcr nicht eingeloggte Nutzer) zur Erbringung bedarfsgerechter Werbung und um andere Nutzer des sozialen Netzwerks \u00fcber Ihre Aktivit\u00e4ten auf unserer Website zu informieren. Ihnen steht ein Widerspruchsrecht zu gegen die Bildung dieser Nutzerprofile, wobei Sie sich zur Aus\u00fcbung dessen an Google richten m\u00fcssen.<\/p>\n\n\n\n<h3 class=\"wp-block-heading\">Widerruf der Einwilligung:<\/h3>\n\n\n\n<p>Vom Anbieter wird derzeit keine M\u00f6glichkeit f\u00fcr einen einfachen Opt-out oder ein Blockieren der Daten\u00fcbertragung angeboten. Wenn Sie eine Nachverfolgung Ihrer Aktivit\u00e4ten auf unserer Website verhindern wollen, widerrufen Sie bitte im Cookie-Consent-Tool Ihre Einwilligung f\u00fcr die entsprechende Cookie-Kategorie oder alle technisch nicht notwendigen Cookies und Daten\u00fcbertragungen. In diesem Fall k\u00f6nnen Sie unsere Website jedoch ggfs. nicht oder nur eingeschr\u00e4nkt nutzen.<\/p>\n\n\n\n<h2 class=\"wp-block-heading\">SSL-Verschl\u00fcsselung<\/h2>\n\n\n\n<p>Um die Sicherheit Ihrer Daten bei der \u00dcbertragung zu sch\u00fctzen, verwenden wir dem aktuellen Stand der Technik entsprechende Verschl\u00fcsselungsverfahren (z. B. SSL) \u00fcber HTTPS.<\/p>\n\n\n\n<hr class=\"wp-block-separator\"\/>\n\n\n\n<h2 class=\"wp-block-heading\">Information \u00fcber Ihr Widerspruchsrecht nach Art. 21 DSGVO<\/h2>\n\n\n\n<h3 class=\"wp-block-heading\">Einzelfallbezogenes Widerspruchsrecht<\/h3>\n\n\n\n<p>Sie haben das Recht, aus Gr\u00fcnden, die sich aus Ihrer besonderen Situation ergeben, jederzeit gegen die Verarbeitung Sie betreffender personenbezogener Daten, die aufgrund Art. 6 Abs. 1 lit. f DSGVO (Datenverarbeitung auf der Grundlage einer Interessenabw\u00e4gung) erfolgt, Widerspruch einzulegen; dies gilt auch f\u00fcr ein auf diese Bestimmung gest\u00fctztes Profiling im Sinne von Art. 4 Nr. 4 DSGVO.<\/p>\n\n\n\n<p>Legen Sie Widerspruch ein, werden wir Ihre personenbezogenen Daten nicht mehr verarbeiten, es sei denn, wir k\u00f6nnen zwingende schutzw\u00fcrdige Gr\u00fcnde f\u00fcr die Verarbeitung nachweisen, die Ihre Interessen, Rechte und Freiheiten \u00fcberwiegen, oder die Verarbeitung dient der Geltendmachung, Aus\u00fcbung oder Verteidigung von Rechtsanspr\u00fcchen.<\/p>\n\n\n\n<h3 class=\"wp-block-heading\">Empf\u00e4nger eines Widerspruchs<\/h3>\n\n\n\n<hr class=\"wp-block-separator\"\/>\n\n\n\n<h2 class=\"wp-block-heading\">\u00c4nderung unserer Datenschutzbestimmungen<\/h2>\n\n\n\n<p>Wir behalten uns vor, diese Datenschutzerkl\u00e4rung anzupassen, damit sie stets den aktuellen rechtlichen Anforderungen entspricht oder um \u00c4nderungen unserer Leistungen in der Datenschutzerkl\u00e4rung umzusetzen, z.B. bei der Einf\u00fchrung neuer Services. F\u00fcr Ihren erneuten Besuch gilt dann die neue Datenschutzerkl\u00e4rung.<\/p>\n\n\n\n<h2 class=\"wp-block-heading\">Fragen an den Datenschutzbeauftragten<\/h2>\n\n\n\n<p>Wenn Sie Fragen zum Datenschutz haben, schreiben Sie uns bitte eine E-Mail oder wenden Sie sich direkt an die f\u00fcr den Datenschutz verantwortliche Person in unserer Organisation:<\/p>\n\n\n\n<p><em>Die Datenschutzerkl\u00e4rung wurde mithilfe der activeMind AG erstellt, den Experten f\u00fcr <a href=\"https:\/\/www.activemind.de\/datenschutz\/datenschutzbeauftragter\/\" target=\"_blank\" rel=\"noreferrer noopener\">externe Datenschutzbeauftragte<\/a> (Version #2020-09-30).<\/em><\/p>\n","protected":false},"excerpt":{"rendered":"<p>Verantwortlicher im Sinne der Datenschutzgesetze, insbesondere der EU-Datenschutzgrundverordnung (DSGVO), ist: Andreas Franz Ihre Betroffenenrechte Unter den angegebenen Kontaktdaten unseres Datenschutzbeauftragten k\u00f6nnen Sie jederzeit folgende Rechte aus\u00fcben: Auskunft \u00fcber Ihre bei uns gespeicherten Daten und deren Verarbeitung (Art. 15 DSGVO), Berichtigung unrichtiger personenbezogener Daten (Art. 16 DSGVO), L\u00f6schung Ihrer bei uns gespeicherten Daten (Art. 17 DSGVO), [&hellip;]<\/p>\n","protected":false},"author":1,"featured_media":0,"parent":0,"menu_order":0,"comment_status":"closed","ping_status":"closed","template":"","meta":{"footnotes":""},"class_list":["post-230","page","type-page","status-publish","hentry","wpbf-post"],"_links":{"self":[{"href":"https:\/\/schreinerei-franz.com\/index.php\/wp-json\/wp\/v2\/pages\/230","targetHints":{"allow":["GET"]}}],"collection":[{"href":"https:\/\/schreinerei-franz.com\/index.php\/wp-json\/wp\/v2\/pages"}],"about":[{"href":"https:\/\/schreinerei-franz.com\/index.php\/wp-json\/wp\/v2\/types\/page"}],"author":[{"embeddable":true,"href":"https:\/\/schreinerei-franz.com\/index.php\/wp-json\/wp\/v2\/users\/1"}],"replies":[{"embeddable":true,"href":"https:\/\/schreinerei-franz.com\/index.php\/wp-json\/wp\/v2\/comments?post=230"}],"version-history":[{"count":5,"href":"https:\/\/schreinerei-franz.com\/index.php\/wp-json\/wp\/v2\/pages\/230\/revisions"}],"predecessor-version":[{"id":270,"href":"https:\/\/schreinerei-franz.com\/index.php\/wp-json\/wp\/v2\/pages\/230\/revisions\/270"}],"wp:attachment":[{"href":"https:\/\/schreinerei-franz.com\/index.php\/wp-json\/wp\/v2\/media?parent=230"}],"curies":[{"name":"wp","href":"https:\/\/api.w.org\/{rel}","templated":true}]}}